{"id":502,"date":"2025-05-26T17:05:22","date_gmt":"2025-05-26T15:05:22","guid":{"rendered":"https:\/\/apartamentospenasblancas.es\/?page_id=502"},"modified":"2025-06-23T14:01:39","modified_gmt":"2025-06-23T12:01:39","slug":"apartamentos-para-4-6-personas","status":"publish","type":"page","link":"https:\/\/apartamentospenasblancas.es\/en\/apartamentos-para-4-6-personas\/","title":{"rendered":"Apartamentos para 4-6 personas"},"content":{"rendered":"<div data-elementor-type=\"wp-page\" data-elementor-id=\"502\" class=\"elementor elementor-502\">\n\t\t\t\t<div class=\"elementor-element elementor-element-1cf8847 e-flex e-con-boxed wpr-particle-no wpr-jarallax-no wpr-parallax-no wpr-sticky-section-no e-con e-parent\" data-id=\"1cf8847\" data-element_type=\"container\" data-e-type=\"container\">\n\t\t\t\t\t<div class=\"e-con-inner\">\n\t\t\t\t<div class=\"elementor-element elementor-element-bf4f0ab elementor-widget elementor-widget-spacer\" data-id=\"bf4f0ab\" data-element_type=\"widget\" data-e-type=\"widget\" data-widget_type=\"spacer.default\">\n\t\t\t\t<div class=\"elementor-widget-container\">\n\t\t\t\t\t\t\t<div class=\"elementor-spacer\">\n\t\t\t<div class=\"elementor-spacer-inner\"><\/div>\n\t\t<\/div>\n\t\t\t\t\t\t<\/div>\n\t\t\t\t<\/div>\n\t\t\t\t<div class=\"elementor-element elementor-element-067a83d elementor-widget elementor-widget-heading\" data-id=\"067a83d\" data-element_type=\"widget\" data-e-type=\"widget\" data-widget_type=\"heading.default\">\n\t\t\t\t<div class=\"elementor-widget-container\">\n\t\t\t\t\t<h1 class=\"elementor-heading-title elementor-size-default\">Apartamentos para 4-6 personas<\/h1>\t\t\t\t<\/div>\n\t\t\t\t<\/div>\n\t\t\t\t\t<\/div>\n\t\t\t\t<\/div>\n\t\t<div class=\"elementor-element elementor-element-4aef781 e-flex e-con-boxed wpr-particle-no wpr-jarallax-no wpr-parallax-no wpr-sticky-section-no e-con e-parent\" data-id=\"4aef781\" data-element_type=\"container\" data-e-type=\"container\">\n\t\t\t\t\t<div class=\"e-con-inner\">\n\t\t\t\t<div class=\"elementor-element elementor-element-5fbdb8a elementor-widget elementor-widget-text-editor\" data-id=\"5fbdb8a\" data-element_type=\"widget\" data-e-type=\"widget\" data-widget_type=\"text-editor.default\">\n\t\t\t\t<div class=\"elementor-widget-container\">\n\t\t\t\t\t\t\t\t\t<p data-start=\"134\" data-end=\"560\"><strong data-start=\"134\" data-end=\"182\">\u00bfViajas con tu familia o un grupo de amigos?<\/strong> Nuestros <strong data-start=\"192\" data-end=\"226\">apartamentos para 4-6 personas<\/strong> en Cantabria est\u00e1n dise\u00f1ados para garantizar espacio, comodidad y una estancia tranquila para todos. Con varias habitaciones independientes, sal\u00f3n con sof\u00e1 cama, cocina totalmente equipada y ba\u00f1o privado, son perfectos para quienes valoran tanto la convivencia como la intimidad. Todo ello en plena naturaleza, ideal para descansar y disfrutar. \u00a1Ven a disfrutar y no te preocupes por nada!<\/p>\t\t\t\t\t\t\t\t<\/div>\n\t\t\t\t<\/div>\n\t\t\t\t\t<\/div>\n\t\t\t\t<\/div>\n\t\t<div class=\"elementor-element elementor-element-12c3984 e-flex e-con-boxed wpr-particle-no wpr-jarallax-no wpr-parallax-no wpr-sticky-section-no e-con e-parent\" data-id=\"12c3984\" data-element_type=\"container\" data-e-type=\"container\">\n\t\t\t\t\t<div class=\"e-con-inner\">\n\t\t<div class=\"elementor-element elementor-element-a221f68 e-con-full e-flex wpr-particle-no wpr-jarallax-no wpr-parallax-no wpr-sticky-section-no e-con e-child\" data-id=\"a221f68\" data-element_type=\"container\" data-e-type=\"container\">\n\t\t\t\t<div class=\"elementor-element elementor-element-1347b03 elementor-arrows-position-inside elementor-widget elementor-widget-image-carousel\" data-id=\"1347b03\" data-element_type=\"widget\" data-e-type=\"widget\" data-settings=\"{&quot;slides_to_show&quot;:&quot;1&quot;,&quot;navigation&quot;:&quot;arrows&quot;,&quot;autoplay&quot;:&quot;yes&quot;,&quot;pause_on_hover&quot;:&quot;yes&quot;,&quot;pause_on_interaction&quot;:&quot;yes&quot;,&quot;autoplay_speed&quot;:5000,&quot;infinite&quot;:&quot;yes&quot;,&quot;effect&quot;:&quot;slide&quot;,&quot;speed&quot;:500}\" data-widget_type=\"image-carousel.default\">\n\t\t\t\t<div class=\"elementor-widget-container\">\n\t\t\t\t\t\t\t<div class=\"elementor-image-carousel-wrapper swiper\" role=\"region\" aria-roledescription=\"carousel\" aria-label=\"Carrusel de im\u00e1genes\" dir=\"ltr\">\n\t\t\t<div class=\"elementor-image-carousel swiper-wrapper\" aria-live=\"off\">\n\t\t\t\t\t\t\t\t<div class=\"swiper-slide\" role=\"group\" aria-roledescription=\"slide\" aria-label=\"1 of 6\" data-no-translation-aria-label=\"\"><a data-elementor-open-lightbox=\"yes\" data-elementor-lightbox-slideshow=\"1347b03\" data-elementor-lightbox-title=\"4 LAS OLAS DE SOMO 1\" data-e-action-hash=\"#elementor-action%3Aaction%3Dlightbox%26settings%3DeyJpZCI6MjgxNiwidXJsIjoiaHR0cHM6XC9cL2FwYXJ0YW1lbnRvc3BlbmFzYmxhbmNhcy5lc1wvd3AtY29udGVudFwvdXBsb2Fkc1wvMjAyNVwvMDZcLzQtTEFTLU9MQVMtREUtU09NTy0xLndlYnAiLCJzbGlkZXNob3ciOiIxMzQ3YjAzIn0%3D\" href=\"https:\/\/apartamentospenasblancas.es\/wp-content\/uploads\/2025\/06\/4-LAS-OLAS-DE-SOMO-1.webp\"><figure class=\"swiper-slide-inner\"><img decoding=\"async\" class=\"swiper-slide-image\" src=\"https:\/\/apartamentospenasblancas.es\/wp-content\/uploads\/2025\/06\/4-LAS-OLAS-DE-SOMO-1-1024x683.webp\" alt=\"Sal\u00f3n espacioso en apartamento 4 personas terraza\" \/><\/figure><\/a><\/div><div class=\"swiper-slide\" role=\"group\" aria-roledescription=\"slide\" aria-label=\"2 of 6\" data-no-translation-aria-label=\"\"><a data-elementor-open-lightbox=\"yes\" data-elementor-lightbox-slideshow=\"1347b03\" data-elementor-lightbox-title=\"4 LAS OLAS DE SOMO 3\" data-e-action-hash=\"#elementor-action%3Aaction%3Dlightbox%26settings%3DeyJpZCI6MjgxNywidXJsIjoiaHR0cHM6XC9cL2FwYXJ0YW1lbnRvc3BlbmFzYmxhbmNhcy5lc1wvd3AtY29udGVudFwvdXBsb2Fkc1wvMjAyNVwvMDZcLzQtTEFTLU9MQVMtREUtU09NTy0zLndlYnAiLCJzbGlkZXNob3ciOiIxMzQ3YjAzIn0%3D\" href=\"https:\/\/apartamentospenasblancas.es\/wp-content\/uploads\/2025\/06\/4-LAS-OLAS-DE-SOMO-3.webp\"><figure class=\"swiper-slide-inner\"><img decoding=\"async\" class=\"swiper-slide-image\" src=\"https:\/\/apartamentospenasblancas.es\/wp-content\/uploads\/2025\/06\/4-LAS-OLAS-DE-SOMO-3-1024x683.webp\" alt=\"Sal\u00f3n-comedor con sof\u00e1 cama y televisi\u00f3n en apartamento de 4 personas\" \/><\/figure><\/a><\/div><div class=\"swiper-slide\" role=\"group\" aria-roledescription=\"slide\" aria-label=\"3 of 6\" data-no-translation-aria-label=\"\"><a data-elementor-open-lightbox=\"yes\" data-elementor-lightbox-slideshow=\"1347b03\" data-elementor-lightbox-title=\"4 LAS OLAS DE SOMO BA\u00d1O 1\" data-e-action-hash=\"#elementor-action%3Aaction%3Dlightbox%26settings%3DeyJpZCI6MjgxOCwidXJsIjoiaHR0cHM6XC9cL2FwYXJ0YW1lbnRvc3BlbmFzYmxhbmNhcy5lc1wvd3AtY29udGVudFwvdXBsb2Fkc1wvMjAyNVwvMDZcLzQtTEFTLU9MQVMtREUtU09NTy1CQU5PLTEud2VicCIsInNsaWRlc2hvdyI6IjEzNDdiMDMifQ%3D%3D\" href=\"https:\/\/apartamentospenasblancas.es\/wp-content\/uploads\/2025\/06\/4-LAS-OLAS-DE-SOMO-BANO-1.webp\"><figure class=\"swiper-slide-inner\"><img decoding=\"async\" class=\"swiper-slide-image\" src=\"https:\/\/apartamentospenasblancas.es\/wp-content\/uploads\/2025\/06\/4-LAS-OLAS-DE-SOMO-BANO-1-1024x683.webp\" alt=\"Detalle del ba\u00f1o moderno con ducha y accesorios incluidos\" \/><\/figure><\/a><\/div><div class=\"swiper-slide\" role=\"group\" aria-roledescription=\"slide\" aria-label=\"4 of 6\" data-no-translation-aria-label=\"\"><a data-elementor-open-lightbox=\"yes\" data-elementor-lightbox-slideshow=\"1347b03\" data-elementor-lightbox-title=\"4 LAS OLAS DE SOMO BA\u00d1O 2\" data-e-action-hash=\"#elementor-action%3Aaction%3Dlightbox%26settings%3DeyJpZCI6MjgxOSwidXJsIjoiaHR0cHM6XC9cL2FwYXJ0YW1lbnRvc3BlbmFzYmxhbmNhcy5lc1wvd3AtY29udGVudFwvdXBsb2Fkc1wvMjAyNVwvMDZcLzQtTEFTLU9MQVMtREUtU09NTy1CQU5PLTIud2VicCIsInNsaWRlc2hvdyI6IjEzNDdiMDMifQ%3D%3D\" href=\"https:\/\/apartamentospenasblancas.es\/wp-content\/uploads\/2025\/06\/4-LAS-OLAS-DE-SOMO-BANO-2.webp\"><figure class=\"swiper-slide-inner\"><img decoding=\"async\" class=\"swiper-slide-image\" src=\"https:\/\/apartamentospenasblancas.es\/wp-content\/uploads\/2025\/06\/4-LAS-OLAS-DE-SOMO-BANO-2-1024x683.webp\" alt=\"Ba\u00f1o en suite con ba\u00f1era en apartamento 4 personas\" \/><\/figure><\/a><\/div><div class=\"swiper-slide\" role=\"group\" aria-roledescription=\"slide\" aria-label=\"5 of 6\" data-no-translation-aria-label=\"\"><a data-elementor-open-lightbox=\"yes\" data-elementor-lightbox-slideshow=\"1347b03\" data-elementor-lightbox-title=\"4 LAS OLAS DE SOMO HAB 1\" data-e-action-hash=\"#elementor-action%3Aaction%3Dlightbox%26settings%3DeyJpZCI6MjgyMCwidXJsIjoiaHR0cHM6XC9cL2FwYXJ0YW1lbnRvc3BlbmFzYmxhbmNhcy5lc1wvd3AtY29udGVudFwvdXBsb2Fkc1wvMjAyNVwvMDZcLzQtTEFTLU9MQVMtREUtU09NTy1IQUItMS53ZWJwIiwic2xpZGVzaG93IjoiMTM0N2IwMyJ9\" href=\"https:\/\/apartamentospenasblancas.es\/wp-content\/uploads\/2025\/06\/4-LAS-OLAS-DE-SOMO-HAB-1.webp\"><figure class=\"swiper-slide-inner\"><img decoding=\"async\" class=\"swiper-slide-image\" src=\"https:\/\/apartamentospenasblancas.es\/wp-content\/uploads\/2025\/06\/4-LAS-OLAS-DE-SOMO-HAB-1-1024x683.webp\" alt=\"Dormitorio luminoso con armario\" \/><\/figure><\/a><\/div><div class=\"swiper-slide\" role=\"group\" aria-roledescription=\"slide\" aria-label=\"6 of 6\" data-no-translation-aria-label=\"\"><a data-elementor-open-lightbox=\"yes\" data-elementor-lightbox-slideshow=\"1347b03\" data-elementor-lightbox-title=\"4 LAS OLAS DE SOMO HAB 2.2\" data-e-action-hash=\"#elementor-action%3Aaction%3Dlightbox%26settings%3DeyJpZCI6MjgyMSwidXJsIjoiaHR0cHM6XC9cL2FwYXJ0YW1lbnRvc3BlbmFzYmxhbmNhcy5lc1wvd3AtY29udGVudFwvdXBsb2Fkc1wvMjAyNVwvMDZcLzQtTEFTLU9MQVMtREUtU09NTy1IQUItMi4yLndlYnAiLCJzbGlkZXNob3ciOiIxMzQ3YjAzIn0%3D\" href=\"https:\/\/apartamentospenasblancas.es\/wp-content\/uploads\/2025\/06\/4-LAS-OLAS-DE-SOMO-HAB-2.2.webp\"><figure class=\"swiper-slide-inner\"><img decoding=\"async\" class=\"swiper-slide-image\" src=\"https:\/\/apartamentospenasblancas.es\/wp-content\/uploads\/2025\/06\/4-LAS-OLAS-DE-SOMO-HAB-2.2-1024x683.webp\" alt=\"Apartamento 4 personas terraza - dormitorio principal.\" \/><\/figure><\/a><\/div>\t\t\t<\/div>\n\t\t\t\t\t\t\t\t\t\t\t\t<div class=\"elementor-swiper-button elementor-swiper-button-prev\" role=\"button\" tabindex=\"0\">\n\t\t\t\t\t\t<svg aria-hidden=\"true\" class=\"e-font-icon-svg e-eicon-chevron-left\" viewbox=\"0 0 1000 1000\" xmlns=\"http:\/\/www.w3.org\/2000\/svg\"><path d=\"M646 125C629 125 613 133 604 142L308 442C296 454 292 471 292 487 292 504 296 521 308 533L604 854C617 867 629 875 646 875 663 875 679 871 692 858 704 846 713 829 713 812 713 796 708 779 692 767L438 487 692 225C700 217 708 204 708 187 708 171 704 154 692 142 675 129 663 125 646 125Z\"><\/path><\/svg>\t\t\t\t\t<\/div>\n\t\t\t\t\t<div class=\"elementor-swiper-button elementor-swiper-button-next\" role=\"button\" tabindex=\"0\">\n\t\t\t\t\t\t<svg aria-hidden=\"true\" class=\"e-font-icon-svg e-eicon-chevron-right\" viewbox=\"0 0 1000 1000\" xmlns=\"http:\/\/www.w3.org\/2000\/svg\"><path d=\"M696 533C708 521 713 504 713 487 713 471 708 454 696 446L400 146C388 133 375 125 354 125 338 125 325 129 313 142 300 154 292 171 292 187 292 204 296 221 308 233L563 492 304 771C292 783 288 800 288 817 288 833 296 850 308 863 321 871 338 875 354 875 371 875 388 867 400 854L696 533Z\"><\/path><\/svg>\t\t\t\t\t<\/div>\n\t\t\t\t\n\t\t\t\t\t\t\t\t\t<\/div>\n\t\t\t\t\t\t<\/div>\n\t\t\t\t<\/div>\n\t\t\t\t<div class=\"elementor-element elementor-element-468705f elementor-widget elementor-widget-heading\" data-id=\"468705f\" data-element_type=\"widget\" data-e-type=\"widget\" data-widget_type=\"heading.default\">\n\t\t\t\t<div class=\"elementor-widget-container\">\n\t\t\t\t\t<h2 class=\"elementor-heading-title elementor-size-default\">Las Olas de Somo<\/h2>\t\t\t\t<\/div>\n\t\t\t\t<\/div>\n\t\t<div class=\"elementor-element elementor-element-91332fd e-con-full e-flex wpr-particle-no wpr-jarallax-no wpr-parallax-no wpr-sticky-section-no e-con e-child\" data-id=\"91332fd\" data-element_type=\"container\" data-e-type=\"container\">\n\t\t\t\t<div class=\"elementor-element elementor-element-c51199f elementor-widget elementor-widget-text-editor\" data-id=\"c51199f\" data-element_type=\"widget\" data-e-type=\"widget\" data-widget_type=\"text-editor.default\">\n\t\t\t\t<div class=\"elementor-widget-container\">\n\t\t\t\t\t\t\t\t\t<p>4<\/p>\t\t\t\t\t\t\t\t<\/div>\n\t\t\t\t<\/div>\n\t\t\t\t<div class=\"elementor-element elementor-element-979f658 elementor-view-default elementor-widget elementor-widget-icon\" data-id=\"979f658\" data-element_type=\"widget\" data-e-type=\"widget\" data-widget_type=\"icon.default\">\n\t\t\t\t<div class=\"elementor-widget-container\">\n\t\t\t\t\t\t\t<div class=\"elementor-icon-wrapper\">\n\t\t\t<div class=\"elementor-icon\">\n\t\t\t<svg aria-hidden=\"true\" class=\"e-font-icon-svg e-fas-user\" viewbox=\"0 0 448 512\" xmlns=\"http:\/\/www.w3.org\/2000\/svg\"><path d=\"M224 256c70.7 0 128-57.3 128-128S294.7 0 224 0 96 57.3 96 128s57.3 128 128 128zm89.6 32h-16.7c-22.2 10.2-46.9 16-72.9 16s-50.6-5.8-72.9-16h-16.7C60.2 288 0 348.2 0 422.4V464c0 26.5 21.5 48 48 48h352c26.5 0 48-21.5 48-48v-41.6c0-74.2-60.2-134.4-134.4-134.4z\"><\/path><\/svg>\t\t\t<\/div>\n\t\t<\/div>\n\t\t\t\t\t\t<\/div>\n\t\t\t\t<\/div>\n\t\t\t\t<div class=\"elementor-element elementor-element-6291d66 elementor-widget elementor-widget-text-editor\" data-id=\"6291d66\" data-element_type=\"widget\" data-e-type=\"widget\" data-widget_type=\"text-editor.default\">\n\t\t\t\t<div class=\"elementor-widget-container\">\n\t\t\t\t\t\t\t\t\t<p><span style=\"font-size: 1rem;\">87m\u00b2 &#8211; 3 camas<\/span><\/p>\t\t\t\t\t\t\t\t<\/div>\n\t\t\t\t<\/div>\n\t\t\t\t<\/div>\n\t\t\t\t<div class=\"elementor-element elementor-element-c4597bf elementor-widget elementor-widget-text-editor\" data-id=\"c4597bf\" data-element_type=\"widget\" data-e-type=\"widget\" data-widget_type=\"text-editor.default\">\n\t\t\t\t<div class=\"elementor-widget-container\">\n\t\t\t\t\t\t\t\t\t<p>Este apartamento para 4 personas, de 87\u202fm\u00b2, combina amplitud, luz natural y vistas al entorno c\u00e1ntabro. Dispone de sal\u00f3n-comedor con cocina integrada, sof\u00e1 cama de 1,40\u202fm y acceso a una terraza agradable. La zona de descanso incluye un dormitorio con cama king size y ba\u00f1o en suite, un segundo dormitorio individual y un ba\u00f1o adicional con ducha.<\/p>\t\t\t\t\t\t\t\t<\/div>\n\t\t\t\t<\/div>\n\t\t\t\t<div class=\"elementor-element elementor-element-b59e379 elementor-widget elementor-widget-button\" data-id=\"b59e379\" data-element_type=\"widget\" data-e-type=\"widget\" data-widget_type=\"button.default\">\n\t\t\t\t<div class=\"elementor-widget-container\">\n\t\t\t\t\t\t\t\t\t<div class=\"elementor-button-wrapper\">\n\t\t\t\t\t<a class=\"elementor-button elementor-button-link elementor-size-sm\" href=\"https:\/\/apartamentospenasblancas.kross.travel\/las-olas-de-somo\">\n\t\t\t\t\t\t<span class=\"elementor-button-content-wrapper\">\n\t\t\t\t\t\t\t\t\t<span class=\"elementor-button-text\">Reservar<\/span>\n\t\t\t\t\t<\/span>\n\t\t\t\t\t<\/a>\n\t\t\t\t<\/div>\n\t\t\t\t\t\t\t\t<\/div>\n\t\t\t\t<\/div>\n\t\t\t\t<\/div>\n\t\t<div class=\"elementor-element elementor-element-d1509e1 e-con-full e-flex wpr-particle-no wpr-jarallax-no wpr-parallax-no wpr-sticky-section-no e-con e-child\" data-id=\"d1509e1\" data-element_type=\"container\" data-e-type=\"container\">\n\t\t\t\t<div class=\"elementor-element elementor-element-af32dbc elementor-arrows-position-inside elementor-widget elementor-widget-image-carousel\" data-id=\"af32dbc\" data-element_type=\"widget\" data-e-type=\"widget\" data-settings=\"{&quot;slides_to_show&quot;:&quot;1&quot;,&quot;navigation&quot;:&quot;arrows&quot;,&quot;autoplay&quot;:&quot;yes&quot;,&quot;pause_on_hover&quot;:&quot;yes&quot;,&quot;pause_on_interaction&quot;:&quot;yes&quot;,&quot;autoplay_speed&quot;:5000,&quot;infinite&quot;:&quot;yes&quot;,&quot;effect&quot;:&quot;slide&quot;,&quot;speed&quot;:500}\" data-widget_type=\"image-carousel.default\">\n\t\t\t\t<div class=\"elementor-widget-container\">\n\t\t\t\t\t\t\t<div class=\"elementor-image-carousel-wrapper swiper\" role=\"region\" aria-roledescription=\"carousel\" aria-label=\"Carrusel de im\u00e1genes\" dir=\"ltr\">\n\t\t\t<div class=\"elementor-image-carousel swiper-wrapper\" aria-live=\"off\">\n\t\t\t\t\t\t\t\t<div class=\"swiper-slide\" role=\"group\" aria-roledescription=\"slide\" aria-label=\"1 of 6\" data-no-translation-aria-label=\"\"><a data-elementor-open-lightbox=\"yes\" data-elementor-lightbox-slideshow=\"af32dbc\" data-elementor-lightbox-title=\"102 LA SALV\u00c9 DE LAREDO 3\" data-e-action-hash=\"#elementor-action%3Aaction%3Dlightbox%26settings%3DeyJpZCI6MjgyNiwidXJsIjoiaHR0cHM6XC9cL2FwYXJ0YW1lbnRvc3BlbmFzYmxhbmNhcy5lc1wvd3AtY29udGVudFwvdXBsb2Fkc1wvMjAyNVwvMDZcLzEwMi1MQS1TQUxWRS1ERS1MQVJFRE8tMy53ZWJwIiwic2xpZGVzaG93IjoiYWYzMmRiYyJ9\" href=\"https:\/\/apartamentospenasblancas.es\/wp-content\/uploads\/2025\/06\/102-LA-SALVE-DE-LAREDO-3.webp\"><figure class=\"swiper-slide-inner\"><img decoding=\"async\" class=\"swiper-slide-image\" src=\"https:\/\/apartamentospenasblancas.es\/wp-content\/uploads\/2025\/06\/102-LA-SALVE-DE-LAREDO-3-1024x683.webp\" alt=\"Zona de estar con luz natural, perfecta para descansar o comer en familia\" \/><\/figure><\/a><\/div><div class=\"swiper-slide\" role=\"group\" aria-roledescription=\"slide\" aria-label=\"2 of 6\" data-no-translation-aria-label=\"\"><a data-elementor-open-lightbox=\"yes\" data-elementor-lightbox-slideshow=\"af32dbc\" data-elementor-lightbox-title=\"102 LA SALV\u00c9 DE LAREDO HAB 2\" data-e-action-hash=\"#elementor-action%3Aaction%3Dlightbox%26settings%3DeyJpZCI6MjgyNSwidXJsIjoiaHR0cHM6XC9cL2FwYXJ0YW1lbnRvc3BlbmFzYmxhbmNhcy5lc1wvd3AtY29udGVudFwvdXBsb2Fkc1wvMjAyNVwvMDZcLzEwMi1MQS1TQUxWRS1ERS1MQVJFRE8tSEFCLTIud2VicCIsInNsaWRlc2hvdyI6ImFmMzJkYmMifQ%3D%3D\" href=\"https:\/\/apartamentospenasblancas.es\/wp-content\/uploads\/2025\/06\/102-LA-SALVE-DE-LAREDO-HAB-2.webp\"><figure class=\"swiper-slide-inner\"><img decoding=\"async\" class=\"swiper-slide-image\" src=\"https:\/\/apartamentospenasblancas.es\/wp-content\/uploads\/2025\/06\/102-LA-SALVE-DE-LAREDO-HAB-2-1024x683.webp\" alt=\"Alojamiento amplio Cantabria 6 - dormitorio doble\" \/><\/figure><\/a><\/div><div class=\"swiper-slide\" role=\"group\" aria-roledescription=\"slide\" aria-label=\"3 of 6\" data-no-translation-aria-label=\"\"><a data-elementor-open-lightbox=\"yes\" data-elementor-lightbox-slideshow=\"af32dbc\" data-elementor-lightbox-title=\"102 LA SALV\u00c9 DE LAREDO HABITACION 1\" data-e-action-hash=\"#elementor-action%3Aaction%3Dlightbox%26settings%3DeyJpZCI6MjgyOSwidXJsIjoiaHR0cHM6XC9cL2FwYXJ0YW1lbnRvc3BlbmFzYmxhbmNhcy5lc1wvd3AtY29udGVudFwvdXBsb2Fkc1wvMjAyNVwvMDZcLzEwMi1MQS1TQUxWRS1ERS1MQVJFRE8tSEFCSVRBQ0lPTi0xLTEud2VicCIsInNsaWRlc2hvdyI6ImFmMzJkYmMifQ%3D%3D\" href=\"https:\/\/apartamentospenasblancas.es\/wp-content\/uploads\/2025\/06\/102-LA-SALVE-DE-LAREDO-HABITACION-1-1.webp\"><figure class=\"swiper-slide-inner\"><img decoding=\"async\" class=\"swiper-slide-image\" src=\"https:\/\/apartamentospenasblancas.es\/wp-content\/uploads\/2025\/06\/102-LA-SALVE-DE-LAREDO-HABITACION-1-1-1024x683.webp\" alt=\"Cama doble en apartamento en Cantabria\" \/><\/figure><\/a><\/div><div class=\"swiper-slide\" role=\"group\" aria-roledescription=\"slide\" aria-label=\"4 of 6\" data-no-translation-aria-label=\"\"><a data-elementor-open-lightbox=\"yes\" data-elementor-lightbox-slideshow=\"af32dbc\" data-elementor-lightbox-title=\"102 LA SALV\u00c9 DE LAREDO\" data-e-action-hash=\"#elementor-action%3Aaction%3Dlightbox%26settings%3DeyJpZCI6MjgzMCwidXJsIjoiaHR0cHM6XC9cL2FwYXJ0YW1lbnRvc3BlbmFzYmxhbmNhcy5lc1wvd3AtY29udGVudFwvdXBsb2Fkc1wvMjAyNVwvMDZcLzEwMi1MQS1TQUxWRS1ERS1MQVJFRE8ud2VicCIsInNsaWRlc2hvdyI6ImFmMzJkYmMifQ%3D%3D\" href=\"https:\/\/apartamentospenasblancas.es\/wp-content\/uploads\/2025\/06\/102-LA-SALVE-DE-LAREDO.webp\"><figure class=\"swiper-slide-inner\"><img decoding=\"async\" class=\"swiper-slide-image\" src=\"https:\/\/apartamentospenasblancas.es\/wp-content\/uploads\/2025\/06\/102-LA-SALVE-DE-LAREDO-1024x683.webp\" alt=\"Sal\u00f3n luminoso con sof\u00e1 cama en alojamiento amplio Cantabria 6\" \/><\/figure><\/a><\/div><div class=\"swiper-slide\" role=\"group\" aria-roledescription=\"slide\" aria-label=\"5 of 6\" data-no-translation-aria-label=\"\"><a data-elementor-open-lightbox=\"yes\" data-elementor-lightbox-slideshow=\"af32dbc\" data-elementor-lightbox-title=\"102 LA SALV\u00c9 DE LAREDO BA\u00d1O 2\" data-e-action-hash=\"#elementor-action%3Aaction%3Dlightbox%26settings%3DeyJpZCI6MjgyNywidXJsIjoiaHR0cHM6XC9cL2FwYXJ0YW1lbnRvc3BlbmFzYmxhbmNhcy5lc1wvd3AtY29udGVudFwvdXBsb2Fkc1wvMjAyNVwvMDZcLzEwMi1MQS1TQUxWRS1ERS1MQVJFRE8tQkFOTy0yLndlYnAiLCJzbGlkZXNob3ciOiJhZjMyZGJjIn0%3D\" href=\"https:\/\/apartamentospenasblancas.es\/wp-content\/uploads\/2025\/06\/102-LA-SALVE-DE-LAREDO-BANO-2.webp\"><figure class=\"swiper-slide-inner\"><img decoding=\"async\" class=\"swiper-slide-image\" src=\"https:\/\/apartamentospenasblancas.es\/wp-content\/uploads\/2025\/06\/102-LA-SALVE-DE-LAREDO-BANO-2-1024x683.webp\" alt=\"Detalle del ba\u00f1o moderno con ducha y accesorios incluidos\" \/><\/figure><\/a><\/div><div class=\"swiper-slide\" role=\"group\" aria-roledescription=\"slide\" aria-label=\"6 of 6\" data-no-translation-aria-label=\"\"><a data-elementor-open-lightbox=\"yes\" data-elementor-lightbox-slideshow=\"af32dbc\" data-elementor-lightbox-title=\"102 LA SALV\u00c9 DE LAREDO BA\u00d1O\" data-e-action-hash=\"#elementor-action%3Aaction%3Dlightbox%26settings%3DeyJpZCI6MjgyOCwidXJsIjoiaHR0cHM6XC9cL2FwYXJ0YW1lbnRvc3BlbmFzYmxhbmNhcy5lc1wvd3AtY29udGVudFwvdXBsb2Fkc1wvMjAyNVwvMDZcLzEwMi1MQS1TQUxWRS1ERS1MQVJFRE8tQkFOTy0xLndlYnAiLCJzbGlkZXNob3ciOiJhZjMyZGJjIn0%3D\" href=\"https:\/\/apartamentospenasblancas.es\/wp-content\/uploads\/2025\/06\/102-LA-SALVE-DE-LAREDO-BANO-1.webp\"><figure class=\"swiper-slide-inner\"><img decoding=\"async\" class=\"swiper-slide-image\" src=\"https:\/\/apartamentospenasblancas.es\/wp-content\/uploads\/2025\/06\/102-LA-SALVE-DE-LAREDO-BANO-1-1024x683.webp\" alt=\"Ba\u00f1o en suite con ba\u00f1era en alojamiento amplio Cantabria 6\" \/><\/figure><\/a><\/div>\t\t\t<\/div>\n\t\t\t\t\t\t\t\t\t\t\t\t<div class=\"elementor-swiper-button elementor-swiper-button-prev\" role=\"button\" tabindex=\"0\">\n\t\t\t\t\t\t<svg aria-hidden=\"true\" class=\"e-font-icon-svg e-eicon-chevron-left\" viewbox=\"0 0 1000 1000\" xmlns=\"http:\/\/www.w3.org\/2000\/svg\"><path d=\"M646 125C629 125 613 133 604 142L308 442C296 454 292 471 292 487 292 504 296 521 308 533L604 854C617 867 629 875 646 875 663 875 679 871 692 858 704 846 713 829 713 812 713 796 708 779 692 767L438 487 692 225C700 217 708 204 708 187 708 171 704 154 692 142 675 129 663 125 646 125Z\"><\/path><\/svg>\t\t\t\t\t<\/div>\n\t\t\t\t\t<div class=\"elementor-swiper-button elementor-swiper-button-next\" role=\"button\" tabindex=\"0\">\n\t\t\t\t\t\t<svg aria-hidden=\"true\" class=\"e-font-icon-svg e-eicon-chevron-right\" viewbox=\"0 0 1000 1000\" xmlns=\"http:\/\/www.w3.org\/2000\/svg\"><path d=\"M696 533C708 521 713 504 713 487 713 471 708 454 696 446L400 146C388 133 375 125 354 125 338 125 325 129 313 142 300 154 292 171 292 187 292 204 296 221 308 233L563 492 304 771C292 783 288 800 288 817 288 833 296 850 308 863 321 871 338 875 354 875 371 875 388 867 400 854L696 533Z\"><\/path><\/svg>\t\t\t\t\t<\/div>\n\t\t\t\t\n\t\t\t\t\t\t\t\t\t<\/div>\n\t\t\t\t\t\t<\/div>\n\t\t\t\t<\/div>\n\t\t\t\t<div class=\"elementor-element elementor-element-bea50e6 elementor-widget elementor-widget-heading\" data-id=\"bea50e6\" data-element_type=\"widget\" data-e-type=\"widget\" data-widget_type=\"heading.default\">\n\t\t\t\t<div class=\"elementor-widget-container\">\n\t\t\t\t\t<h2 class=\"elementor-heading-title elementor-size-default\">La Salv\u00e9 de Laredo<\/h2>\t\t\t\t<\/div>\n\t\t\t\t<\/div>\n\t\t<div class=\"elementor-element elementor-element-a43ff5b e-con-full e-flex wpr-particle-no wpr-jarallax-no wpr-parallax-no wpr-sticky-section-no e-con e-child\" data-id=\"a43ff5b\" data-element_type=\"container\" data-e-type=\"container\">\n\t\t\t\t<div class=\"elementor-element elementor-element-e8e6d40 elementor-widget elementor-widget-text-editor\" data-id=\"e8e6d40\" data-element_type=\"widget\" data-e-type=\"widget\" data-widget_type=\"text-editor.default\">\n\t\t\t\t<div class=\"elementor-widget-container\">\n\t\t\t\t\t\t\t\t\t<p>6<\/p>\t\t\t\t\t\t\t\t<\/div>\n\t\t\t\t<\/div>\n\t\t\t\t<div class=\"elementor-element elementor-element-eb48e14 elementor-view-default elementor-widget elementor-widget-icon\" data-id=\"eb48e14\" data-element_type=\"widget\" data-e-type=\"widget\" data-widget_type=\"icon.default\">\n\t\t\t\t<div class=\"elementor-widget-container\">\n\t\t\t\t\t\t\t<div class=\"elementor-icon-wrapper\">\n\t\t\t<div class=\"elementor-icon\">\n\t\t\t<svg aria-hidden=\"true\" class=\"e-font-icon-svg e-fas-user\" viewbox=\"0 0 448 512\" xmlns=\"http:\/\/www.w3.org\/2000\/svg\"><path d=\"M224 256c70.7 0 128-57.3 128-128S294.7 0 224 0 96 57.3 96 128s57.3 128 128 128zm89.6 32h-16.7c-22.2 10.2-46.9 16-72.9 16s-50.6-5.8-72.9-16h-16.7C60.2 288 0 348.2 0 422.4V464c0 26.5 21.5 48 48 48h352c26.5 0 48-21.5 48-48v-41.6c0-74.2-60.2-134.4-134.4-134.4z\"><\/path><\/svg>\t\t\t<\/div>\n\t\t<\/div>\n\t\t\t\t\t\t<\/div>\n\t\t\t\t<\/div>\n\t\t\t\t<div class=\"elementor-element elementor-element-f620ede elementor-widget elementor-widget-text-editor\" data-id=\"f620ede\" data-element_type=\"widget\" data-e-type=\"widget\" data-widget_type=\"text-editor.default\">\n\t\t\t\t<div class=\"elementor-widget-container\">\n\t\t\t\t\t\t\t\t\t<p><span style=\"font-size: 1rem;\">70m\u00b2 &#8211; 3 camas<\/span><\/p>\t\t\t\t\t\t\t\t<\/div>\n\t\t\t\t<\/div>\n\t\t\t\t<\/div>\n\t\t\t\t<div class=\"elementor-element elementor-element-77eabd3 elementor-widget elementor-widget-text-editor\" data-id=\"77eabd3\" data-element_type=\"widget\" data-e-type=\"widget\" data-widget_type=\"text-editor.default\">\n\t\t\t\t<div class=\"elementor-widget-container\">\n\t\t\t\t\t\t\t\t\t<p>Apartamento para 6 personas en Cantabria, con 70\u202fm\u00b2 distribuidos para ofrecer comodidad a familias o grupos de amigos. El sal\u00f3n-comedor, amplio y acogedor, incluye cocina integrada totalmente equipada y un sof\u00e1 cama de 1,40\u202fm ideal para alojar a dos personas m\u00e1s. La zona de descanso cuenta con dos dormitorios con camas dobles (2 x 1,50\u202fm); uno con ba\u00f1o en suite con ba\u00f1era y otro ba\u00f1o adicional con ducha para mayor comodidad.<\/p><p>\u00a0<\/p>\t\t\t\t\t\t\t\t<\/div>\n\t\t\t\t<\/div>\n\t\t\t\t<div class=\"elementor-element elementor-element-71e3533 elementor-widget elementor-widget-button\" data-id=\"71e3533\" data-element_type=\"widget\" data-e-type=\"widget\" data-widget_type=\"button.default\">\n\t\t\t\t<div class=\"elementor-widget-container\">\n\t\t\t\t\t\t\t\t\t<div class=\"elementor-button-wrapper\">\n\t\t\t\t\t<a class=\"elementor-button elementor-button-link elementor-size-sm\" href=\"https:\/\/apartamentospenasblancas.kross.travel\/la-salv-de-laredo\">\n\t\t\t\t\t\t<span class=\"elementor-button-content-wrapper\">\n\t\t\t\t\t\t\t\t\t<span class=\"elementor-button-text\">Reservar<\/span>\n\t\t\t\t\t<\/span>\n\t\t\t\t\t<\/a>\n\t\t\t\t<\/div>\n\t\t\t\t\t\t\t\t<\/div>\n\t\t\t\t<\/div>\n\t\t\t\t<\/div>\n\t\t\t\t\t<\/div>\n\t\t\t\t<\/div>\n\t\t<div class=\"elementor-element elementor-element-03e7c5c e-flex e-con-boxed wpr-particle-no wpr-jarallax-no wpr-parallax-no wpr-sticky-section-no e-con e-parent\" data-id=\"03e7c5c\" data-element_type=\"container\" data-e-type=\"container\">\n\t\t\t\t\t<div class=\"e-con-inner\">\n\t\t<div class=\"elementor-element elementor-element-1df3a03 e-con-full e-flex wpr-particle-no wpr-jarallax-no wpr-parallax-no wpr-sticky-section-no e-con e-child\" data-id=\"1df3a03\" data-element_type=\"container\" data-e-type=\"container\">\n\t\t\t\t<div class=\"elementor-element elementor-element-25023de elementor-arrows-position-inside elementor-widget elementor-widget-image-carousel\" data-id=\"25023de\" data-element_type=\"widget\" data-e-type=\"widget\" data-settings=\"{&quot;slides_to_show&quot;:&quot;1&quot;,&quot;navigation&quot;:&quot;arrows&quot;,&quot;autoplay&quot;:&quot;yes&quot;,&quot;pause_on_hover&quot;:&quot;yes&quot;,&quot;pause_on_interaction&quot;:&quot;yes&quot;,&quot;autoplay_speed&quot;:5000,&quot;infinite&quot;:&quot;yes&quot;,&quot;effect&quot;:&quot;slide&quot;,&quot;speed&quot;:500}\" data-widget_type=\"image-carousel.default\">\n\t\t\t\t<div class=\"elementor-widget-container\">\n\t\t\t\t\t\t\t<div class=\"elementor-image-carousel-wrapper swiper\" role=\"region\" aria-roledescription=\"carousel\" aria-label=\"Carrusel de im\u00e1genes\" dir=\"ltr\">\n\t\t\t<div class=\"elementor-image-carousel swiper-wrapper\" aria-live=\"off\">\n\t\t\t\t\t\t\t\t<div class=\"swiper-slide\" role=\"group\" aria-roledescription=\"slide\" aria-label=\"1 of 6\" data-no-translation-aria-label=\"\"><a data-elementor-open-lightbox=\"yes\" data-elementor-lightbox-slideshow=\"25023de\" data-elementor-lightbox-title=\"1 EL CAPRICHO DE COMILLAS 1\" data-e-action-hash=\"#elementor-action%3Aaction%3Dlightbox%26settings%3DeyJpZCI6Mjg0MSwidXJsIjoiaHR0cHM6XC9cL2FwYXJ0YW1lbnRvc3BlbmFzYmxhbmNhcy5lc1wvd3AtY29udGVudFwvdXBsb2Fkc1wvMjAyNVwvMDZcLzEtRUwtQ0FQUklDSE8tREUtQ09NSUxMQVMtMS0xLndlYnAiLCJzbGlkZXNob3ciOiIyNTAyM2RlIn0%3D\" href=\"https:\/\/apartamentospenasblancas.es\/wp-content\/uploads\/2025\/06\/1-EL-CAPRICHO-DE-COMILLAS-1-1.webp\"><figure class=\"swiper-slide-inner\"><img decoding=\"async\" class=\"swiper-slide-image\" src=\"https:\/\/apartamentospenasblancas.es\/wp-content\/uploads\/2025\/06\/1-EL-CAPRICHO-DE-COMILLAS-1-1-1024x683.webp\" alt=\"Sal\u00f3n acogedor en apartamento rural 6 piscina\" \/><\/figure><\/a><\/div><div class=\"swiper-slide\" role=\"group\" aria-roledescription=\"slide\" aria-label=\"2 of 6\" data-no-translation-aria-label=\"\"><a data-elementor-open-lightbox=\"yes\" data-elementor-lightbox-slideshow=\"25023de\" data-elementor-lightbox-title=\"1 EL CAPRICHO DE COMILLAS 2\" data-e-action-hash=\"#elementor-action%3Aaction%3Dlightbox%26settings%3DeyJpZCI6Mjg0MiwidXJsIjoiaHR0cHM6XC9cL2FwYXJ0YW1lbnRvc3BlbmFzYmxhbmNhcy5lc1wvd3AtY29udGVudFwvdXBsb2Fkc1wvMjAyNVwvMDZcLzEtRUwtQ0FQUklDSE8tREUtQ09NSUxMQVMtMi0yLndlYnAiLCJzbGlkZXNob3ciOiIyNTAyM2RlIn0%3D\" href=\"https:\/\/apartamentospenasblancas.es\/wp-content\/uploads\/2025\/06\/1-EL-CAPRICHO-DE-COMILLAS-2-2.webp\"><figure class=\"swiper-slide-inner\"><img decoding=\"async\" class=\"swiper-slide-image\" src=\"https:\/\/apartamentospenasblancas.es\/wp-content\/uploads\/2025\/06\/1-EL-CAPRICHO-DE-COMILLAS-2-2-1024x683.webp\" alt=\"Cocina abierta en apartamento rural 6 piscina\" \/><\/figure><\/a><\/div><div class=\"swiper-slide\" role=\"group\" aria-roledescription=\"slide\" aria-label=\"3 of 6\" data-no-translation-aria-label=\"\"><a data-elementor-open-lightbox=\"yes\" data-elementor-lightbox-slideshow=\"25023de\" data-elementor-lightbox-title=\"1 EL CAPRICHO DE COMILLAS BA\u00d1O\" data-e-action-hash=\"#elementor-action%3Aaction%3Dlightbox%26settings%3DeyJpZCI6Mjg0MywidXJsIjoiaHR0cHM6XC9cL2FwYXJ0YW1lbnRvc3BlbmFzYmxhbmNhcy5lc1wvd3AtY29udGVudFwvdXBsb2Fkc1wvMjAyNVwvMDZcLzEtRUwtQ0FQUklDSE8tREUtQ09NSUxMQVMtQkFOTy0xLndlYnAiLCJzbGlkZXNob3ciOiIyNTAyM2RlIn0%3D\" href=\"https:\/\/apartamentospenasblancas.es\/wp-content\/uploads\/2025\/06\/1-EL-CAPRICHO-DE-COMILLAS-BANO-1.webp\"><figure class=\"swiper-slide-inner\"><img decoding=\"async\" class=\"swiper-slide-image\" src=\"https:\/\/apartamentospenasblancas.es\/wp-content\/uploads\/2025\/06\/1-EL-CAPRICHO-DE-COMILLAS-BANO-1-1024x683.webp\" alt=\"Ba\u00f1o en suite con ducha en apartamento rural\" \/><\/figure><\/a><\/div><div class=\"swiper-slide\" role=\"group\" aria-roledescription=\"slide\" aria-label=\"4 of 6\" data-no-translation-aria-label=\"\"><a data-elementor-open-lightbox=\"yes\" data-elementor-lightbox-slideshow=\"25023de\" data-elementor-lightbox-title=\"1 EL CAPRICHO DE COMILLAS HAB 1\" data-e-action-hash=\"#elementor-action%3Aaction%3Dlightbox%26settings%3DeyJpZCI6Mjg0NCwidXJsIjoiaHR0cHM6XC9cL2FwYXJ0YW1lbnRvc3BlbmFzYmxhbmNhcy5lc1wvd3AtY29udGVudFwvdXBsb2Fkc1wvMjAyNVwvMDZcLzEtRUwtQ0FQUklDSE8tREUtQ09NSUxMQVMtSEFCLTEtMS53ZWJwIiwic2xpZGVzaG93IjoiMjUwMjNkZSJ9\" href=\"https:\/\/apartamentospenasblancas.es\/wp-content\/uploads\/2025\/06\/1-EL-CAPRICHO-DE-COMILLAS-HAB-1-1.webp\"><figure class=\"swiper-slide-inner\"><img decoding=\"async\" class=\"swiper-slide-image\" src=\"https:\/\/apartamentospenasblancas.es\/wp-content\/uploads\/2025\/06\/1-EL-CAPRICHO-DE-COMILLAS-HAB-1-1-1024x683.webp\" alt=\"Dormitorio principal en apartamento para 6\" \/><\/figure><\/a><\/div><div class=\"swiper-slide\" role=\"group\" aria-roledescription=\"slide\" aria-label=\"5 of 6\" data-no-translation-aria-label=\"\"><a data-elementor-open-lightbox=\"yes\" data-elementor-lightbox-slideshow=\"25023de\" data-elementor-lightbox-title=\"1 EL CAPRICHO DE COMILLAS HAB 2.3\" data-e-action-hash=\"#elementor-action%3Aaction%3Dlightbox%26settings%3DeyJpZCI6Mjg0NSwidXJsIjoiaHR0cHM6XC9cL2FwYXJ0YW1lbnRvc3BlbmFzYmxhbmNhcy5lc1wvd3AtY29udGVudFwvdXBsb2Fkc1wvMjAyNVwvMDZcLzEtRUwtQ0FQUklDSE8tREUtQ09NSUxMQVMtSEFCLTIuMy0xLndlYnAiLCJzbGlkZXNob3ciOiIyNTAyM2RlIn0%3D\" href=\"https:\/\/apartamentospenasblancas.es\/wp-content\/uploads\/2025\/06\/1-EL-CAPRICHO-DE-COMILLAS-HAB-2.3-1.webp\"><figure class=\"swiper-slide-inner\"><img decoding=\"async\" class=\"swiper-slide-image\" src=\"https:\/\/apartamentospenasblancas.es\/wp-content\/uploads\/2025\/06\/1-EL-CAPRICHO-DE-COMILLAS-HAB-2.3-1-1024x683.webp\" alt=\"Habitaci\u00f3n acogedora con cama King-size y decoraci\u00f3n sencilla\" \/><\/figure><\/a><\/div><div class=\"swiper-slide\" role=\"group\" aria-roledescription=\"slide\" aria-label=\"6 of 6\" data-no-translation-aria-label=\"\"><a data-elementor-open-lightbox=\"yes\" data-elementor-lightbox-slideshow=\"25023de\" data-elementor-lightbox-title=\"El capricho de comillas ba\u00f1o 2\" data-e-action-hash=\"#elementor-action%3Aaction%3Dlightbox%26settings%3DeyJpZCI6Mjg0NiwidXJsIjoiaHR0cHM6XC9cL2FwYXJ0YW1lbnRvc3BlbmFzYmxhbmNhcy5lc1wvd3AtY29udGVudFwvdXBsb2Fkc1wvMjAyNVwvMDZcL0VsLWNhcHJpY2hvLWRlLWNvbWlsbGFzLWJhbm8tMi53ZWJwIiwic2xpZGVzaG93IjoiMjUwMjNkZSJ9\" href=\"https:\/\/apartamentospenasblancas.es\/wp-content\/uploads\/2025\/06\/El-capricho-de-comillas-bano-2.webp\"><figure class=\"swiper-slide-inner\"><img decoding=\"async\" class=\"swiper-slide-image\" src=\"https:\/\/apartamentospenasblancas.es\/wp-content\/uploads\/2025\/06\/El-capricho-de-comillas-bano-2-1024x683.webp\" alt=\"Detalle del ba\u00f1o moderno con ducha y accesorios incluidos\" \/><\/figure><\/a><\/div>\t\t\t<\/div>\n\t\t\t\t\t\t\t\t\t\t\t\t<div class=\"elementor-swiper-button elementor-swiper-button-prev\" role=\"button\" tabindex=\"0\">\n\t\t\t\t\t\t<svg aria-hidden=\"true\" class=\"e-font-icon-svg e-eicon-chevron-left\" viewbox=\"0 0 1000 1000\" xmlns=\"http:\/\/www.w3.org\/2000\/svg\"><path d=\"M646 125C629 125 613 133 604 142L308 442C296 454 292 471 292 487 292 504 296 521 308 533L604 854C617 867 629 875 646 875 663 875 679 871 692 858 704 846 713 829 713 812 713 796 708 779 692 767L438 487 692 225C700 217 708 204 708 187 708 171 704 154 692 142 675 129 663 125 646 125Z\"><\/path><\/svg>\t\t\t\t\t<\/div>\n\t\t\t\t\t<div class=\"elementor-swiper-button elementor-swiper-button-next\" role=\"button\" tabindex=\"0\">\n\t\t\t\t\t\t<svg aria-hidden=\"true\" class=\"e-font-icon-svg e-eicon-chevron-right\" viewbox=\"0 0 1000 1000\" xmlns=\"http:\/\/www.w3.org\/2000\/svg\"><path d=\"M696 533C708 521 713 504 713 487 713 471 708 454 696 446L400 146C388 133 375 125 354 125 338 125 325 129 313 142 300 154 292 171 292 187 292 204 296 221 308 233L563 492 304 771C292 783 288 800 288 817 288 833 296 850 308 863 321 871 338 875 354 875 371 875 388 867 400 854L696 533Z\"><\/path><\/svg>\t\t\t\t\t<\/div>\n\t\t\t\t\n\t\t\t\t\t\t\t\t\t<\/div>\n\t\t\t\t\t\t<\/div>\n\t\t\t\t<\/div>\n\t\t\t\t<div class=\"elementor-element elementor-element-76bb635 elementor-widget elementor-widget-heading\" data-id=\"76bb635\" data-element_type=\"widget\" data-e-type=\"widget\" data-widget_type=\"heading.default\">\n\t\t\t\t<div class=\"elementor-widget-container\">\n\t\t\t\t\t<h2 class=\"elementor-heading-title elementor-size-default\">El Capricho de Comillas<\/h2>\t\t\t\t<\/div>\n\t\t\t\t<\/div>\n\t\t<div class=\"elementor-element elementor-element-9137120 e-con-full e-flex wpr-particle-no wpr-jarallax-no wpr-parallax-no wpr-sticky-section-no e-con e-child\" data-id=\"9137120\" data-element_type=\"container\" data-e-type=\"container\">\n\t\t\t\t<div class=\"elementor-element elementor-element-df9047a elementor-widget elementor-widget-text-editor\" data-id=\"df9047a\" data-element_type=\"widget\" data-e-type=\"widget\" data-widget_type=\"text-editor.default\">\n\t\t\t\t<div class=\"elementor-widget-container\">\n\t\t\t\t\t\t\t\t\t<p>6<\/p>\t\t\t\t\t\t\t\t<\/div>\n\t\t\t\t<\/div>\n\t\t\t\t<div class=\"elementor-element elementor-element-7de3306 elementor-view-default elementor-widget elementor-widget-icon\" data-id=\"7de3306\" data-element_type=\"widget\" data-e-type=\"widget\" data-widget_type=\"icon.default\">\n\t\t\t\t<div class=\"elementor-widget-container\">\n\t\t\t\t\t\t\t<div class=\"elementor-icon-wrapper\">\n\t\t\t<div class=\"elementor-icon\">\n\t\t\t<svg aria-hidden=\"true\" class=\"e-font-icon-svg e-fas-user\" viewbox=\"0 0 448 512\" xmlns=\"http:\/\/www.w3.org\/2000\/svg\"><path d=\"M224 256c70.7 0 128-57.3 128-128S294.7 0 224 0 96 57.3 96 128s57.3 128 128 128zm89.6 32h-16.7c-22.2 10.2-46.9 16-72.9 16s-50.6-5.8-72.9-16h-16.7C60.2 288 0 348.2 0 422.4V464c0 26.5 21.5 48 48 48h352c26.5 0 48-21.5 48-48v-41.6c0-74.2-60.2-134.4-134.4-134.4z\"><\/path><\/svg>\t\t\t<\/div>\n\t\t<\/div>\n\t\t\t\t\t\t<\/div>\n\t\t\t\t<\/div>\n\t\t\t\t<div class=\"elementor-element elementor-element-7ad33fb elementor-widget elementor-widget-text-editor\" data-id=\"7ad33fb\" data-element_type=\"widget\" data-e-type=\"widget\" data-widget_type=\"text-editor.default\">\n\t\t\t\t<div class=\"elementor-widget-container\">\n\t\t\t\t\t\t\t\t\t<p>66m\u00b2 &#8211; 3 camas<\/p>\t\t\t\t\t\t\t\t<\/div>\n\t\t\t\t<\/div>\n\t\t\t\t<\/div>\n\t\t\t\t<div class=\"elementor-element elementor-element-75b5140 elementor-widget elementor-widget-text-editor\" data-id=\"75b5140\" data-element_type=\"widget\" data-e-type=\"widget\" data-widget_type=\"text-editor.default\">\n\t\t\t\t<div class=\"elementor-widget-container\">\n\t\t\t\t\t\t\t\t\t<p data-start=\"169\" data-end=\"621\">Pensado para quienes buscan desconectar en plena naturaleza c\u00e1ntabra, este apartamento rural para 6 personas ofrece 66\u202fm\u00b2 c\u00f3modos y bien distribuidos. Cuenta con sal\u00f3n-comedor con sof\u00e1 cama (1,40\u202fm), cocina abierta equipada y 2 dormitorios: uno con cama doble (1,50\u202fm) y otro con cama king size (1,80\u202fm) y ba\u00f1o en suite. Dispone adem\u00e1s de un segundo ba\u00f1o completo y acceso cercano a piscina.<\/p>\t\t\t\t\t\t\t\t<\/div>\n\t\t\t\t<\/div>\n\t\t\t\t<div class=\"elementor-element elementor-element-a0477ba elementor-widget elementor-widget-button\" data-id=\"a0477ba\" data-element_type=\"widget\" data-e-type=\"widget\" data-widget_type=\"button.default\">\n\t\t\t\t<div class=\"elementor-widget-container\">\n\t\t\t\t\t\t\t\t\t<div class=\"elementor-button-wrapper\">\n\t\t\t\t\t<a class=\"elementor-button elementor-button-link elementor-size-sm\" href=\"https:\/\/apartamentospenasblancas.kross.travel\/el-capricho-de-comillas\">\n\t\t\t\t\t\t<span class=\"elementor-button-content-wrapper\">\n\t\t\t\t\t\t\t\t\t<span class=\"elementor-button-text\">Reservar<\/span>\n\t\t\t\t\t<\/span>\n\t\t\t\t\t<\/a>\n\t\t\t\t<\/div>\n\t\t\t\t\t\t\t\t<\/div>\n\t\t\t\t<\/div>\n\t\t\t\t<\/div>\n\t\t\t\t\t<\/div>\n\t\t\t\t<\/div>\n\t\t\t\t<\/div>","protected":false},"excerpt":{"rendered":"<p>Apartamentos para 4-6 personas \u00bfViajas con tu familia o un grupo de amigos? Nuestros apartamentos para 4-6 personas en Cantabria est\u00e1n dise\u00f1ados para garantizar espacio, comodidad y una estancia tranquila para todos. Con varias habitaciones independientes, sal\u00f3n con sof\u00e1 cama, cocina totalmente equipada y ba\u00f1o privado, son perfectos para quienes valoran tanto la convivencia como la intimidad. Todo ello en plena naturaleza, ideal para descansar y disfrutar. \u00a1Ven a disfrutar y no te preocupes por nada! Las Olas de Somo 4 87m\u00b2 &#8211; 3 camas Este apartamento para 4 personas, de 87\u202fm\u00b2, combina amplitud, luz natural y vistas al entorno c\u00e1ntabro. Dispone de sal\u00f3n-comedor con cocina integrada, sof\u00e1 cama de 1,40\u202fm y acceso a una terraza agradable. La zona de descanso incluye un dormitorio con cama king size y ba\u00f1o en suite, un segundo dormitorio individual y un ba\u00f1o adicional con ducha. Reservar La Salv\u00e9 de Laredo 6 70m\u00b2 &#8211; 3 camas Apartamento para 6 personas en Cantabria, con 70\u202fm\u00b2 distribuidos para ofrecer comodidad a familias o grupos de amigos. El sal\u00f3n-comedor, amplio y acogedor, incluye cocina integrada totalmente equipada y un sof\u00e1 cama de 1,40\u202fm ideal para alojar a dos personas m\u00e1s. La zona de descanso cuenta con dos dormitorios con camas dobles (2 x 1,50\u202fm); uno con ba\u00f1o en suite con ba\u00f1era y otro ba\u00f1o adicional con ducha para mayor comodidad. \u00a0 Reservar El Capricho de Comillas 6 66m\u00b2 &#8211; 3 camas Pensado para quienes buscan desconectar en plena naturaleza c\u00e1ntabra, este apartamento rural para 6 personas ofrece 66\u202fm\u00b2 c\u00f3modos y bien distribuidos. Cuenta con sal\u00f3n-comedor con sof\u00e1 cama (1,40\u202fm), cocina abierta equipada y 2 dormitorios: uno con cama doble (1,50\u202fm) y otro con cama king size (1,80\u202fm) y ba\u00f1o en suite. Dispone adem\u00e1s de un segundo ba\u00f1o completo y acceso cercano a piscina. Reservar<\/p>","protected":false},"author":1,"featured_media":0,"parent":0,"menu_order":0,"comment_status":"closed","ping_status":"closed","template":"","meta":{"site-sidebar-layout":"no-sidebar","site-content-layout":"","ast-site-content-layout":"full-width-container","site-content-style":"default","site-sidebar-style":"default","ast-global-header-display":"","ast-banner-title-visibility":"","ast-main-header-display":"","ast-hfb-above-header-display":"","ast-hfb-below-header-display":"","ast-hfb-mobile-header-display":"","site-post-title":"disabled","ast-breadcrumbs-content":"","ast-featured-img":"disabled","footer-sml-layout":"","ast-disable-related-posts":"","theme-transparent-header-meta":"disabled","adv-header-id-meta":"","stick-header-meta":"","header-above-stick-meta":"","header-main-stick-meta":"","header-below-stick-meta":"","astra-migrate-meta-layouts":"default","ast-page-background-enabled":"default","ast-page-background-meta":{"desktop":{"background-color":"var(--ast-global-color-5)","background-image":"","background-repeat":"repeat","background-position":"center center","background-size":"auto","background-attachment":"scroll","background-type":"","background-media":"","overlay-type":"","overlay-color":"","overlay-opacity":"","overlay-gradient":""},"tablet":{"background-color":"","background-image":"","background-repeat":"repeat","background-position":"center center","background-size":"auto","background-attachment":"scroll","background-type":"","background-media":"","overlay-type":"","overlay-color":"","overlay-opacity":"","overlay-gradient":""},"mobile":{"background-color":"","background-image":"","background-repeat":"repeat","background-position":"center center","background-size":"auto","background-attachment":"scroll","background-type":"","background-media":"","overlay-type":"","overlay-color":"","overlay-opacity":"","overlay-gradient":""}},"ast-content-background-meta":{"desktop":{"background-color":"var(--ast-global-color-4)","background-image":"","background-repeat":"repeat","background-position":"center center","background-size":"auto","background-attachment":"scroll","background-type":"","background-media":"","overlay-type":"","overlay-color":"","overlay-opacity":"","overlay-gradient":""},"tablet":{"background-color":"var(--ast-global-color-4)","background-image":"","background-repeat":"repeat","background-position":"center center","background-size":"auto","background-attachment":"scroll","background-type":"","background-media":"","overlay-type":"","overlay-color":"","overlay-opacity":"","overlay-gradient":""},"mobile":{"background-color":"var(--ast-global-color-4)","background-image":"","background-repeat":"repeat","background-position":"center center","background-size":"auto","background-attachment":"scroll","background-type":"","background-media":"","overlay-type":"","overlay-color":"","overlay-opacity":"","overlay-gradient":""}},"footnotes":""},"class_list":["post-502","page","type-page","status-publish","hentry"],"yoast_head":"<!-- This site is optimized with the Yoast SEO plugin v27.0 - https:\/\/yoast.com\/product\/yoast-seo-wordpress\/ -->\n<title>Apartamentos para 4-6 personas<\/title>\n<meta name=\"description\" content=\"Descubre nuestros apartamentos para 4-6 personas en Cantabria, ideales para familias o grupos. Comodidad, espacio y entorno natural.\" \/>\n<meta name=\"robots\" content=\"index, follow, max-snippet:-1, max-image-preview:large, max-video-preview:-1\" \/>\n<link rel=\"canonical\" href=\"https:\/\/apartamentospenasblancas.es\/en\/apartamentos-para-4-6-personas\/\" \/>\n<meta property=\"og:locale\" content=\"en_US\" \/>\n<meta property=\"og:type\" content=\"article\" \/>\n<meta property=\"og:title\" content=\"Apartamentos para 4-6 personas\" \/>\n<meta property=\"og:description\" content=\"Descubre nuestros apartamentos para 4-6 personas en Cantabria, ideales para familias o grupos. Comodidad, espacio y entorno natural.\" \/>\n<meta property=\"og:url\" content=\"https:\/\/apartamentospenasblancas.es\/en\/apartamentos-para-4-6-personas\/\" \/>\n<meta property=\"article:modified_time\" content=\"2025-06-23T12:01:39+00:00\" \/>\n<meta property=\"og:image\" content=\"https:\/\/apartamentospenasblancas.es\/wp-content\/uploads\/2025\/06\/4-LAS-OLAS-DE-SOMO-1-1024x683.webp\" \/>\n<meta name=\"twitter:card\" content=\"summary_large_image\" \/>\n<meta name=\"twitter:label1\" content=\"Est. reading time\" \/>\n\t<meta name=\"twitter:data1\" content=\"7 minutes\" \/>\n<script type=\"application\/ld+json\" class=\"yoast-schema-graph\">{\"@context\":\"https:\/\/schema.org\",\"@graph\":[{\"@type\":\"WebPage\",\"@id\":\"https:\/\/apartamentospenasblancas.es\/apartamentos-para-4-6-personas\/\",\"url\":\"https:\/\/apartamentospenasblancas.es\/apartamentos-para-4-6-personas\/\",\"name\":\"Apartamentos para 4-6 personas\",\"isPartOf\":{\"@id\":\"https:\/\/apartamentospenasblancas.es\/#website\"},\"primaryImageOfPage\":{\"@id\":\"https:\/\/apartamentospenasblancas.es\/apartamentos-para-4-6-personas\/#primaryimage\"},\"image\":{\"@id\":\"https:\/\/apartamentospenasblancas.es\/apartamentos-para-4-6-personas\/#primaryimage\"},\"thumbnailUrl\":\"https:\/\/apartamentospenasblancas.es\/wp-content\/uploads\/2025\/06\/4-LAS-OLAS-DE-SOMO-1-1024x683.webp\",\"datePublished\":\"2025-05-26T15:05:22+00:00\",\"dateModified\":\"2025-06-23T12:01:39+00:00\",\"description\":\"Descubre nuestros apartamentos para 4-6 personas en Cantabria, ideales para familias o grupos. Comodidad, espacio y entorno natural.\",\"breadcrumb\":{\"@id\":\"https:\/\/apartamentospenasblancas.es\/apartamentos-para-4-6-personas\/#breadcrumb\"},\"inLanguage\":\"en-US\",\"potentialAction\":[{\"@type\":\"ReadAction\",\"target\":[\"https:\/\/apartamentospenasblancas.es\/apartamentos-para-4-6-personas\/\"]}]},{\"@type\":\"ImageObject\",\"inLanguage\":\"en-US\",\"@id\":\"https:\/\/apartamentospenasblancas.es\/apartamentos-para-4-6-personas\/#primaryimage\",\"url\":\"https:\/\/apartamentospenasblancas.es\/wp-content\/uploads\/2025\/06\/4-LAS-OLAS-DE-SOMO-1-1024x683.webp\",\"contentUrl\":\"https:\/\/apartamentospenasblancas.es\/wp-content\/uploads\/2025\/06\/4-LAS-OLAS-DE-SOMO-1-1024x683.webp\"},{\"@type\":\"BreadcrumbList\",\"@id\":\"https:\/\/apartamentospenasblancas.es\/apartamentos-para-4-6-personas\/#breadcrumb\",\"itemListElement\":[{\"@type\":\"ListItem\",\"position\":1,\"name\":\"Portada\",\"item\":\"https:\/\/apartamentospenasblancas.es\/\"},{\"@type\":\"ListItem\",\"position\":2,\"name\":\"Apartamentos para 4-6 personas\"}]},{\"@type\":\"WebSite\",\"@id\":\"https:\/\/apartamentospenasblancas.es\/#website\",\"url\":\"https:\/\/apartamentospenasblancas.es\/\",\"name\":\"Apartamentos Pe\u00f1as Blancas\",\"description\":\"Apartamentos y estudios tur\u00edsticos totalmente equipados en Cantabria, con cocina, ba\u00f1o, piscina exterior, zonas verdes y barbacoa. Perfectos para descansar y disfrutar en plena naturaleza.\",\"publisher\":{\"@id\":\"https:\/\/apartamentospenasblancas.es\/#organization\"},\"potentialAction\":[{\"@type\":\"SearchAction\",\"target\":{\"@type\":\"EntryPoint\",\"urlTemplate\":\"https:\/\/apartamentospenasblancas.es\/?s={search_term_string}\"},\"query-input\":{\"@type\":\"PropertyValueSpecification\",\"valueRequired\":true,\"valueName\":\"search_term_string\"}}],\"inLanguage\":\"en-US\"},{\"@type\":\"Organization\",\"@id\":\"https:\/\/apartamentospenasblancas.es\/#organization\",\"name\":\"Apartamentos Pe\u00f1as Blancas\",\"url\":\"https:\/\/apartamentospenasblancas.es\/\",\"logo\":{\"@type\":\"ImageObject\",\"inLanguage\":\"en-US\",\"@id\":\"https:\/\/apartamentospenasblancas.es\/#\/schema\/logo\/image\/\",\"url\":\"https:\/\/apartamentospenasblancas.es\/wp-content\/uploads\/2025\/06\/cropped-logo-3-texto-blanco-1.png\",\"contentUrl\":\"https:\/\/apartamentospenasblancas.es\/wp-content\/uploads\/2025\/06\/cropped-logo-3-texto-blanco-1.png\",\"width\":320,\"height\":367,\"caption\":\"Apartamentos Pe\u00f1as Blancas\"},\"image\":{\"@id\":\"https:\/\/apartamentospenasblancas.es\/#\/schema\/logo\/image\/\"}}]}<\/script>\n<!-- \/ Yoast SEO plugin. -->","yoast_head_json":{"title":"Apartamentos para 4-6 personas","description":"Descubre nuestros apartamentos para 4-6 personas en Cantabria, ideales para familias o grupos. Comodidad, espacio y entorno natural.","robots":{"index":"index","follow":"follow","max-snippet":"max-snippet:-1","max-image-preview":"max-image-preview:large","max-video-preview":"max-video-preview:-1"},"canonical":"https:\/\/apartamentospenasblancas.es\/en\/apartamentos-para-4-6-personas\/","og_locale":"en_US","og_type":"article","og_title":"Apartamentos para 4-6 personas","og_description":"Descubre nuestros apartamentos para 4-6 personas en Cantabria, ideales para familias o grupos. Comodidad, espacio y entorno natural.","og_url":"https:\/\/apartamentospenasblancas.es\/en\/apartamentos-para-4-6-personas\/","article_modified_time":"2025-06-23T12:01:39+00:00","og_image":[{"url":"https:\/\/apartamentospenasblancas.es\/wp-content\/uploads\/2025\/06\/4-LAS-OLAS-DE-SOMO-1-1024x683.webp","type":"","width":"","height":""}],"twitter_card":"summary_large_image","twitter_misc":{"Est. reading time":"7 minutes"},"schema":{"@context":"https:\/\/schema.org","@graph":[{"@type":"WebPage","@id":"https:\/\/apartamentospenasblancas.es\/apartamentos-para-4-6-personas\/","url":"https:\/\/apartamentospenasblancas.es\/apartamentos-para-4-6-personas\/","name":"Apartamentos para 4-6 personas","isPartOf":{"@id":"https:\/\/apartamentospenasblancas.es\/#website"},"primaryImageOfPage":{"@id":"https:\/\/apartamentospenasblancas.es\/apartamentos-para-4-6-personas\/#primaryimage"},"image":{"@id":"https:\/\/apartamentospenasblancas.es\/apartamentos-para-4-6-personas\/#primaryimage"},"thumbnailUrl":"https:\/\/apartamentospenasblancas.es\/wp-content\/uploads\/2025\/06\/4-LAS-OLAS-DE-SOMO-1-1024x683.webp","datePublished":"2025-05-26T15:05:22+00:00","dateModified":"2025-06-23T12:01:39+00:00","description":"Descubre nuestros apartamentos para 4-6 personas en Cantabria, ideales para familias o grupos. Comodidad, espacio y entorno natural.","breadcrumb":{"@id":"https:\/\/apartamentospenasblancas.es\/apartamentos-para-4-6-personas\/#breadcrumb"},"inLanguage":"en-US","potentialAction":[{"@type":"ReadAction","target":["https:\/\/apartamentospenasblancas.es\/apartamentos-para-4-6-personas\/"]}]},{"@type":"ImageObject","inLanguage":"en-US","@id":"https:\/\/apartamentospenasblancas.es\/apartamentos-para-4-6-personas\/#primaryimage","url":"https:\/\/apartamentospenasblancas.es\/wp-content\/uploads\/2025\/06\/4-LAS-OLAS-DE-SOMO-1-1024x683.webp","contentUrl":"https:\/\/apartamentospenasblancas.es\/wp-content\/uploads\/2025\/06\/4-LAS-OLAS-DE-SOMO-1-1024x683.webp"},{"@type":"BreadcrumbList","@id":"https:\/\/apartamentospenasblancas.es\/apartamentos-para-4-6-personas\/#breadcrumb","itemListElement":[{"@type":"ListItem","position":1,"name":"Portada","item":"https:\/\/apartamentospenasblancas.es\/"},{"@type":"ListItem","position":2,"name":"Apartamentos para 4-6 personas"}]},{"@type":"WebSite","@id":"https:\/\/apartamentospenasblancas.es\/#website","url":"https:\/\/apartamentospenasblancas.es\/","name":"Apartamentos Pe\u00f1as Blancas","description":"Apartamentos y estudios tur\u00edsticos totalmente equipados en Cantabria, con cocina, ba\u00f1o, piscina exterior, zonas verdes y barbacoa. Perfectos para descansar y disfrutar en plena naturaleza.","publisher":{"@id":"https:\/\/apartamentospenasblancas.es\/#organization"},"potentialAction":[{"@type":"SearchAction","target":{"@type":"EntryPoint","urlTemplate":"https:\/\/apartamentospenasblancas.es\/?s={search_term_string}"},"query-input":{"@type":"PropertyValueSpecification","valueRequired":true,"valueName":"search_term_string"}}],"inLanguage":"en-US"},{"@type":"Organization","@id":"https:\/\/apartamentospenasblancas.es\/#organization","name":"Apartamentos Pe\u00f1as Blancas","url":"https:\/\/apartamentospenasblancas.es\/","logo":{"@type":"ImageObject","inLanguage":"en-US","@id":"https:\/\/apartamentospenasblancas.es\/#\/schema\/logo\/image\/","url":"https:\/\/apartamentospenasblancas.es\/wp-content\/uploads\/2025\/06\/cropped-logo-3-texto-blanco-1.png","contentUrl":"https:\/\/apartamentospenasblancas.es\/wp-content\/uploads\/2025\/06\/cropped-logo-3-texto-blanco-1.png","width":320,"height":367,"caption":"Apartamentos Pe\u00f1as Blancas"},"image":{"@id":"https:\/\/apartamentospenasblancas.es\/#\/schema\/logo\/image\/"}}]}},"_links":{"self":[{"href":"https:\/\/apartamentospenasblancas.es\/en\/wp-json\/wp\/v2\/pages\/502","targetHints":{"allow":["GET"]}}],"collection":[{"href":"https:\/\/apartamentospenasblancas.es\/en\/wp-json\/wp\/v2\/pages"}],"about":[{"href":"https:\/\/apartamentospenasblancas.es\/en\/wp-json\/wp\/v2\/types\/page"}],"author":[{"embeddable":true,"href":"https:\/\/apartamentospenasblancas.es\/en\/wp-json\/wp\/v2\/users\/1"}],"replies":[{"embeddable":true,"href":"https:\/\/apartamentospenasblancas.es\/en\/wp-json\/wp\/v2\/comments?post=502"}],"version-history":[{"count":55,"href":"https:\/\/apartamentospenasblancas.es\/en\/wp-json\/wp\/v2\/pages\/502\/revisions"}],"predecessor-version":[{"id":2849,"href":"https:\/\/apartamentospenasblancas.es\/en\/wp-json\/wp\/v2\/pages\/502\/revisions\/2849"}],"wp:attachment":[{"href":"https:\/\/apartamentospenasblancas.es\/en\/wp-json\/wp\/v2\/media?parent=502"}],"curies":[{"name":"wp","href":"https:\/\/api.w.org\/{rel}","templated":true}]}}